{"id":11,"date":"2015-01-31T22:06:05","date_gmt":"2015-01-31T22:06:05","guid":{"rendered":"http:\/\/inde-hahn.de\/?page_id=11"},"modified":"2025-11-12T15:04:59","modified_gmt":"2025-11-12T14:04:59","slug":"startseite","status":"publish","type":"page","link":"https:\/\/indehahn.de\/","title":{"rendered":"FC INDE HAHN"},"content":{"rendered":"<style><\/style><div class=\"wplp_outside wplp_widget_60\" style=\"max-width:100%;\"><div id=\"wplp_widget_60\" class=\"wplp_widget_default wplp_container vertical swiper wplp-swiper default cols1\" data-theme=\"default\" data-post=\"60\" style=\"\" data-max-elts=\"10\" data-per-page=\"10\"><div class=\"wplp_listposts swiper-wrapper\" id=\"default_60\" style=\"width: 100%;\" ><div class=\"swiper-slide\" style=\"\"><div class=\"insideframe\"><div id=\"wplp_box_top_60_19307\" class=\"wpcu-front-box top equalHeightImg\" ><div class=\"wplp-box-item\"><\/div><\/div><div id=\"wplp_box_left_60_19307\" class=\"wpcu-front-box left wpcu-custom-position\" style=\"width: 30%\"><div class=\"wplp-box-item\"><a href=\"https:\/\/indehahn.de\/?p=19307\"  class=\"thumbnail\"><span class=\"img_cropper\" style=\"margin-right:20px;margin-bottom:20px;max-width:100%;\"><img decoding=\"async\" src=\"https:\/\/indehahn.de\/wp-content\/uploads\/2015\/01\/Sportplatz9.jpg\" style=\"aspect-ratio:4\/3;\" srcset=\"https:\/\/indehahn.de\/wp-content\/uploads\/2015\/01\/Sportplatz9.jpg 960w, https:\/\/indehahn.de\/wp-content\/uploads\/2015\/01\/Sportplatz9-300x200.jpg 300w, https:\/\/indehahn.de\/wp-content\/uploads\/2015\/01\/Sportplatz9-200x133.jpg 200w\" alt=\"Einladung zur Mitgliederversammlung des FC Inde Hahn\" class=\"wplp_thumb\" \/><\/span><\/a><\/div><\/div><div id=\"wplp_box_right_60_19307\" class=\"wpcu-front-box right wpcu-custom-position\" style=\"width: 70%\"><div class=\"wplp-box-item\"><a href=\"https:\/\/indehahn.de\/?p=19307\"  class=\"title\">Einladung zur Mitgliederversammlung des FC Inde Hahn<\/a><a href=\"https:\/\/indehahn.de\/?p=19307\"  class=\"date\">5. M\u00e4rz 2026<\/a><a href=\"https:\/\/indehahn.de\/?p=19307\"  class=\"text\"><span style=\"max-height:2.8em\" class=\"line_limit\">Liebe Vereinsmitglieder,\nich lade Euch alle herzlich im Namen des Gesamtvorstandes zur diesj\u00e4hrigen Mitgliederversammlung am 17. April 2026 um 19:30 Uhr ins &#8222;Helmut Jentges Vereinsheim&#8220; am Kitzenhausweg ein.\nWir hoffen auf zahlreiches Erscheinen &#8211; daher haben wir auch einen Termin nach den Osterferien gew\u00e4hlt. Wir sind jetzt im neuen Turnus angekommen und k\u00f6nnen mit den Rahmenbedingungen der neuen Satzung und der neuen Gesch\u00e4ftsjahre regul\u00e4r Fahrt aufnehmen.\nVer\u00e4nderungen der Mitgliederstruktur, der Einnahmen und neuer Gegebenheiten in den jeweiligen Sportabteilungen sind fortw\u00e4hrende, \u00fcber das ganze Jahr bestehende Herausforderungen f\u00fcr das Ehrenamt im Verein.\n\nTagesordnung der ordentlichen Mitgliederversammlung am 17. April 2026\nTOP 1 Er\u00f6ffnung und Begr\u00fc\u00dfung\nTOP 2 Feststellung der satzungs-, frist- und formgerechten Einladung\nTOP 3 Feststellung der Anzahl der anwesenden Stimmberechtigten\nTOP 4 Wahl des Protokollf\u00fchrers\nTOP 5 Protokoll der ordentlichen Mitgliederversammlung vom 4. April 2025 ist seit dem 25.04.2025 auf der Homepage einsehbar, die ausf\u00fchrliche Version wird wie \u00fcblich bei der Mitgliederversammlung ausgelegt &#8211; Fragen hierzu k\u00f6nnen diskutiert werden.\nTOP 6 Gedenken\nTOP 7 Ehrungen\nTOP 8 Finanzbericht f\u00fcr den Zeitraum 01.01.2025 &#8211; 31.12.2025\nTOP 9 Revisorenbericht f\u00fcr den Zeitraum 01.01.2025 &#8211; 31.12.2025\nTOP 10 Entlastung des Gesamtvorstands f\u00fcr das Jahr 2025\nTOP 11 Berichte der Ressortleiter\nTOP 12 Vorstellung der Haushaltsplanung 2026\nTOP 13 Wahlen\n\u2022 Vorstand Event Management\nTOP 14 Antr\u00e4ge\nTOP 15 Sonstiges\nTOP 16 Schlusswort\n\nIm Namen des Vorstandes\nKarsten Kasperek\nVorsitzender<\/span><span style=\"margin-left:3px; max-height:2.8em\" class=\"line_limit\"> [...]<\/span><\/a><span class=\"custom_fields\">\n<!-- WPLP Unknown field: Custom_Fields -->\n<\/span><\/div><\/div><div id=\"wplp_box_bottom_60_19307\" class=\"wpcu-front-box bottom \" ><div class=\"wplp-box-item\"><\/div><\/div><\/div><\/div><div class=\"swiper-slide\" style=\"\"><div class=\"insideframe\"><div id=\"wplp_box_top_60_19299\" class=\"wpcu-front-box top equalHeightImg\" ><div class=\"wplp-box-item\"><\/div><\/div><div id=\"wplp_box_left_60_19299\" class=\"wpcu-front-box left wpcu-custom-position\" style=\"width: 30%\"><div class=\"wplp-box-item\"><a href=\"https:\/\/indehahn.de\/?p=19299\"  class=\"thumbnail\"><span class=\"img_cropper\" style=\"margin-right:20px;margin-bottom:20px;max-width:100%;\"><img decoding=\"async\" src=\"https:\/\/indehahn.de\/wp-content\/uploads\/2026\/03\/PlakatKitzenhauslauf2026.jpg\" style=\"aspect-ratio:4\/3;\" srcset=\"https:\/\/indehahn.de\/wp-content\/uploads\/2026\/03\/PlakatKitzenhauslauf2026.jpg 913w, https:\/\/indehahn.de\/wp-content\/uploads\/2026\/03\/PlakatKitzenhauslauf2026-214x300.jpg 214w, https:\/\/indehahn.de\/wp-content\/uploads\/2026\/03\/PlakatKitzenhauslauf2026-730x1024.jpg 730w, https:\/\/indehahn.de\/wp-content\/uploads\/2026\/03\/PlakatKitzenhauslauf2026-107x150.jpg 107w\" alt=\"Anmeldung zum 22. Hahner Kitzenhauslauf gestartet\" class=\"wplp_thumb\" \/><\/span><\/a><\/div><\/div><div id=\"wplp_box_right_60_19299\" class=\"wpcu-front-box right wpcu-custom-position\" style=\"width: 70%\"><div class=\"wplp-box-item\"><a href=\"https:\/\/indehahn.de\/?p=19299\"  class=\"title\">Anmeldung zum 22. Hahner Kitzenhauslauf gestartet<\/a><a href=\"https:\/\/indehahn.de\/?p=19299\"  class=\"date\">1. M\u00e4rz 2026<\/a><a href=\"https:\/\/indehahn.de\/?p=19299\"  class=\"text\"><span style=\"max-height:2.8em\" class=\"line_limit\">Es sind noch knapp dreieinhalb Monate bis zum Startschuss des diesj\u00e4hrigen Hahner Kitzenhauslaufs, aber wie immer ist unsere Anmeldeseite fr\u00fchzeitig freigeschaltet worden, damit interessierte Sportlerinnen und Sportler aller Alters- und Leistungsklassen schon jetzt ihre Teilnahme am Kitzenhauslauf 2026 buchen k\u00f6nnen.\nUnsere Laufveranstaltung findet in diesem Jahr am 14. Juni statt und auch 2026 geh\u00f6rt sie nat\u00fcrlich wieder zu den insgesamt 29 Wertungsl\u00e4ufen des Regio Aachen Laufcup.\nSchreibt euch den Termin schon jetzt in den Kalender, seid dabei und motiviert Freunde, Bekannte und Familienangeh\u00f6rige, damit wir unseren Kitzenhauslauf wieder zu der gro\u00dfen Lauf-Party f\u00fcr die ganze Familie machen k\u00f6nnen. Jede(r) kann und soll mitmachen \u2013 schlie\u00dflich bleibt noch jede Menge Zeit f\u00fcr die n\u00f6tige Vorbereitung und wir haben f\u00fcr jede(n) von euch die passende Laufstrecke im Angebot.\nGanz NEU haben wir in diesem Jahr eine Halbmarathon-Strecke im Programm. Die 21,1 km lange Strecke &#8211; wir haben sie &#8222;Big Kitz&#8220; getauft &#8211; ist mit ihrem recht anspruchsvollen H\u00f6henprofil f\u00fcr gut trainierte Langstreckler geeignet und erweitert unser Laufstrecken-Angebot um eine echte Herausforderung f\u00fcr diejenigen, f\u00fcr die es immer noch ein bisschen mehr sein darf.\nWer sich dar\u00fcber hinaus f\u00fcr das regelm\u00e4\u00dfige Laufen mit Freunden interessiert und sich gemeinsam mit der Hahner Laufgruppe auf den Kitzenhauslauf vorbereiten m\u00f6chte, der darf sich sehr gerne per eMail an lauftreff@indehahn.de bei uns melden.\n\nINFOS ZUM KITZENHAUSLAUF \u2014 DIREKT ZUR ONLINE-ANMELDUNG \u2014 REGIO AACHEN LAUFCUP<\/span><span style=\"margin-left:3px; max-height:2.8em\" class=\"line_limit\"> [...]<\/span><\/a><span class=\"custom_fields\">\n<!-- WPLP Unknown field: Custom_Fields -->\n<\/span><\/div><\/div><div id=\"wplp_box_bottom_60_19299\" class=\"wpcu-front-box bottom \" ><div class=\"wplp-box-item\"><\/div><\/div><\/div><\/div><div class=\"swiper-slide\" style=\"\"><div class=\"insideframe\"><div id=\"wplp_box_top_60_19285\" class=\"wpcu-front-box top equalHeightImg\" ><div class=\"wplp-box-item\"><\/div><\/div><div id=\"wplp_box_left_60_19285\" class=\"wpcu-front-box left wpcu-custom-position\" style=\"width: 30%\"><div class=\"wplp-box-item\"><a href=\"https:\/\/indehahn.de\/?p=19285\"  class=\"thumbnail\"><span class=\"img_cropper\" style=\"margin-right:20px;margin-bottom:20px;max-width:100%;\"><img decoding=\"async\" src=\"https:\/\/indehahn.de\/wp-content\/uploads\/2026\/02\/ZweiteGegenEschweiler22022026.jpg\" style=\"aspect-ratio:4\/3;\" srcset=\"https:\/\/indehahn.de\/wp-content\/uploads\/2026\/02\/ZweiteGegenEschweiler22022026.jpg 1280w, https:\/\/indehahn.de\/wp-content\/uploads\/2026\/02\/ZweiteGegenEschweiler22022026-300x175.jpg 300w, https:\/\/indehahn.de\/wp-content\/uploads\/2026\/02\/ZweiteGegenEschweiler22022026-1024x597.jpg 1024w, https:\/\/indehahn.de\/wp-content\/uploads\/2026\/02\/ZweiteGegenEschweiler22022026-200x117.jpg 200w\" alt=\"So unterschiedlich kann man in die R\u00fcckrunde starten\" class=\"wplp_thumb\" \/><\/span><\/a><\/div><\/div><div id=\"wplp_box_right_60_19285\" class=\"wpcu-front-box right wpcu-custom-position\" style=\"width: 70%\"><div class=\"wplp-box-item\"><a href=\"https:\/\/indehahn.de\/?p=19285\"  class=\"title\">So unterschiedlich kann man in die R\u00fcckrunde starten<\/a><a href=\"https:\/\/indehahn.de\/?p=19285\"  class=\"date\">25. Februar 2026<\/a><a href=\"https:\/\/indehahn.de\/?p=19285\"  class=\"text\"><span style=\"max-height:2.8em\" class=\"line_limit\">Am vergangenen Sonntag hat die R\u00fcckrunde f\u00fcr unsere Fu\u00dfball-Senioren begonnen. W\u00e4hrend unsere Dritte am ersten Spieltag nach der langen Winterpause spielfrei war, mussten die Erste und die Zweite schon ran, wobei die Vorzeichen kaum unterschiedlicher h\u00e4tten sein k\u00f6nnen. W\u00e4hrend die 1. Mannschaft in der Kreisliga B1 gegen den Tabellen-14. Rhenania W\u00fcrselen\/Euchen II klar die Favoritenrolle innehatte, wurden der 2. Mannschaft in der Kreisliga B2 gegen den Tabellendritten FV Eschweiler maximal Au\u00dfenseiterchancen einger\u00e4umt. Doch am Ende kam es ganz anders als erwartet.\nDie Partie unserer Zweiten begann mittags um 1 bei echtem Sauwetter und man hatte zun\u00e4chst kaum den Eindruck, dass die G\u00e4ste aus Eschweiler das Heft in die Hand nehmen wollten. Zwar hatten sie ein leichtes Chancenplus, doch die erwartete \u00dcberlegenheit blieb aus. Erst Mitte der zweiten Spielh\u00e4lfte schien das Spiel die erwartete Wendung zu nehmen, als Wiese die G\u00e4ste mit 1:0 in Front brachte. Doch die Hahner gaben nie auf und wurden durch einen Doppelschlag belohnt: in weniger als zwei Minuten drehten sie die Partie durch zwei blitzsaubere Tore von Christian Brockauf und Jonas Hennig und anschlie\u00dfend hielt man auch der Schlussoffensive der G\u00e4ste stand. Durch den nicht erwarteten Dreier konnte unser Team den Vorsprung auf Platz 10 auf f\u00fcnf Punkte ausbauen. Am kommenden Sonntag (15 Uhr) geht es zum Tabellennachbarn SV Nordeifel und mit einer \u00e4hnlich k\u00e4mpferischen Einstellung k\u00f6nnte man auch von dort etwas Z\u00e4hlbares mitbringen.\nEbenfalls unerwartet kam die Heimniederlage unserer 1. Mannschaft, die im letzten Testspiel vier Tage zuvor noch 15 Treffer erzielen konnte, aber an diesem weiterhin verregneten Sonntag nicht ein einziges Mal ins gegnerische Tor traf. Schon das Hinspiel in W\u00fcrselen hatte man verloren und trotz spielerischer \u00dcberlegenheit scheiterten die Hahner immer wieder vor dem Kasten der W\u00fcrselener. So kam es dann wie es kommen musste &#8211; eine der seltenen Torgelegenheiten der G\u00e4ste nutzte Steffens nach gut einer Stunde zum 0:1-Endstand. Mit dieser Niederlage hat man den Anschluss nach ganz oben verloren &#8211; hoffen wir, dass unser Team am kommenden Sonntag beim Ausw\u00e4rtsspiel in H\u00f6rn (15:30 Uhr) Wiedergutmachung betreiben kann &#8211; das Hinspiel ist mit 6:0 immerhin sehr deutlich an die Hahner Elf gegangen.\nDen kommenden Ausw\u00e4rtsspieltag macht unsere Dritte mit der Partie bei Medimeister Aachen (15 Uhr) komplett. Beim Tabellendritten werden die Trauben f\u00fcr unser Team allerdings sehr hoch h\u00e4ngen. Wir w\u00fcnschen unseren drei Mannschaften jedenfalls viel Gl\u00fcck f\u00fcr den zweiten R\u00fcckrunden-Spieltag.<\/span><span style=\"margin-left:3px; max-height:2.8em\" class=\"line_limit\"> [...]<\/span><\/a><span class=\"custom_fields\">\n<!-- WPLP Unknown field: Custom_Fields -->\n<\/span><\/div><\/div><div id=\"wplp_box_bottom_60_19285\" class=\"wpcu-front-box bottom \" ><div class=\"wplp-box-item\"><\/div><\/div><\/div><\/div><div class=\"swiper-slide\" style=\"\"><div class=\"insideframe\"><div id=\"wplp_box_top_60_19242\" class=\"wpcu-front-box top equalHeightImg\" ><div class=\"wplp-box-item\"><\/div><\/div><div id=\"wplp_box_left_60_19242\" class=\"wpcu-front-box left wpcu-custom-position\" style=\"width: 30%\"><div class=\"wplp-box-item\"><a href=\"https:\/\/indehahn.de\/?p=19242\"  class=\"thumbnail\"><span class=\"img_cropper\" style=\"margin-right:20px;margin-bottom:20px;max-width:100%;\"><img decoding=\"async\" src=\"https:\/\/indehahn.de\/wp-content\/uploads\/2026\/01\/RACSiegerehrung17012026-15-scaled.jpg\" style=\"aspect-ratio:4\/3;\" srcset=\"https:\/\/indehahn.de\/wp-content\/uploads\/2026\/01\/RACSiegerehrung17012026-15-scaled.jpg 2560w, https:\/\/indehahn.de\/wp-content\/uploads\/2026\/01\/RACSiegerehrung17012026-15-300x200.jpg 300w, https:\/\/indehahn.de\/wp-content\/uploads\/2026\/01\/RACSiegerehrung17012026-15-1024x683.jpg 1024w, https:\/\/indehahn.de\/wp-content\/uploads\/2026\/01\/RACSiegerehrung17012026-15-200x133.jpg 200w, https:\/\/indehahn.de\/wp-content\/uploads\/2026\/01\/RACSiegerehrung17012026-15-1536x1024.jpg 1536w, https:\/\/indehahn.de\/wp-content\/uploads\/2026\/01\/RACSiegerehrung17012026-15-2048x1365.jpg 2048w\" alt=\"Hahner Laufteam sehr erfolgreich bei der Cup-Siegerehrung\" class=\"wplp_thumb\" \/><\/span><\/a><\/div><\/div><div id=\"wplp_box_right_60_19242\" class=\"wpcu-front-box right wpcu-custom-position\" style=\"width: 70%\"><div class=\"wplp-box-item\"><a href=\"https:\/\/indehahn.de\/?p=19242\"  class=\"title\">Hahner Laufteam sehr erfolgreich bei der Cup-Siegerehrung<\/a><a href=\"https:\/\/indehahn.de\/?p=19242\"  class=\"date\">18. Januar 2026<\/a><a href=\"https:\/\/indehahn.de\/?p=19242\"  class=\"text\"><span style=\"max-height:2.8em\" class=\"line_limit\">Der Januar geh\u00f6rt sportlich zu den eher ruhigen Monaten bei unseren L\u00e4ufern. Dennoch findet man zur Monatsmitte ein echtes Highlight im Laufkalender: die Siegerehrung des Regio Aachen Laupfcup, bei der auch die Hahner Laufabteilung sowohl bei den Geehrten als auch im Publikum stark vertreten war. Die Veranstaltung fand am gestrigen Samstag in Konzen statt und war vom heimischen TV bestens organisiert. Bei Schnittchen und Getr\u00e4nken hatten sich insgesamt etwa 200 Cup-Teilnehmer im Saal eingefunden, um die Sieger der diversen Cup-Wertungen unserer lokalen Laufserie zu feiern, die \u00fcbrigens mit 29 Veranstaltungen die vermutlich gr\u00f6\u00dfte dieser Art in Deutschland ist. Die 20 Hahner Teilnehmer waren allerbester Laune, denn sie hatten an diesem Abend eine ganze Menge zu feiern. Die Ehrungen wurden \u00fcberwiegend vom derzeit besten L\u00e4ufer der Aachener Region vorgenommen: Frederik Ruppert, seit 2025 deutscher Rekordhalter und im vergangenen Jahr schnellster europ\u00e4ischer L\u00e4ufer \u00fcber 3000 Meter Hindernis, hatte es sich nicht nehmen lassen, den besten Cup-L\u00e4ufern ihre Pokale zu \u00fcberreichen und ihnen mit einem sportlichen H\u00e4ndedruck zu gratulieren.\nKommen wir zur Hahner Bilanz f\u00fcr die Saison 2025 des Regio Aachen Laufcup &#8230; in einigen Altersklassen reichte es diesmal zu Podestpl\u00e4tzen: Sandy Laplume (Alterklasse W45), Eva Scheffler (W50) und Claus Uellendall (M60) erreichten Platz 3 ihrer Alterklassen-Wertungen, Bianka Uellendall (W50) und Dieter Lohr (M70) schafften es auf Platz 2 und Liselotte B\u00e4hr (W30) stand schlie\u00dflich sogar ganz oben auf dem Siegertreppchen. Ein emotionaler H\u00f6hepunkt sollte zum Ende der Siegerehrung noch folgen, denn unser Laufteam konnte die Teamwertung zum zweiten Mal in Folge mit gro\u00dfem Vorsprung f\u00fcr sich entscheiden. 326 Punkte hatte unser Team gesammelt und damit die Verfolger vom D\u00fcrener TV (217 Punkte) und der SG Sparkasse Aachen (206 Punkte) deutlich hinter sich gelassen &#8211; ein beeindruckender Erfolg eines tollen Teams. Nat\u00fcrlich waren unsere Langstreckler auch an diesem Abend in ihren typischen blauen Laufdresses erschienen, denn das abschlie\u00dfende Siegerfoto geh\u00f6rte wie immer zum Pflichtprogramm. Und selbst bei einigen Daheimgebliebenen wurde zur gleichen Zeit auf den Sieg angesto\u00dfen (s. Bild unten).\nAuch in diesem Jahr m\u00f6chte unser Lauftreff wieder als starkes Team bei den 29 Cup-L\u00e4ufen auftreten &#8211; die Saison beginnt bereits Anfang M\u00e4rz mit dem Konzener Belgenbach-Trail und dem Volkslauf in Eschweiler. Die Titelverteidigung in der Teamwertung wird sicher kein Selbstl\u00e4ufer, doch man darf schon jetzt davon ausgehen, dass es auch bei der Siegerehrung im kommenden Jahr wieder ein bisschen was f\u00fcr unsere L\u00e4uferinnen und L\u00e4ufer zu feiern geben wird.\nWer gerne in unserem Team mitlaufen und mitfeiern m\u00f6chte, der kann das jederzeit tun. Einfach eine kurze Mail an lauftreff@indehahn.de und du bist dabei!\n\n    \n\nWEITERE FOTOS<\/span><span style=\"margin-left:3px; max-height:2.8em\" class=\"line_limit\"> [...]<\/span><\/a><span class=\"custom_fields\">\n<!-- WPLP Unknown field: Custom_Fields -->\n<\/span><\/div><\/div><div id=\"wplp_box_bottom_60_19242\" class=\"wpcu-front-box bottom \" ><div class=\"wplp-box-item\"><\/div><\/div><\/div><\/div><div class=\"swiper-slide\" style=\"\"><div class=\"insideframe\"><div id=\"wplp_box_top_60_19238\" class=\"wpcu-front-box top equalHeightImg\" ><div class=\"wplp-box-item\"><\/div><\/div><div id=\"wplp_box_left_60_19238\" class=\"wpcu-front-box left wpcu-custom-position\" style=\"width: 30%\"><div class=\"wplp-box-item\"><a href=\"https:\/\/indehahn.de\/?p=19238\"  class=\"thumbnail\"><span class=\"img_cropper\" style=\"margin-right:20px;margin-bottom:20px;max-width:100%;\"><img decoding=\"async\" src=\"https:\/\/indehahn.de\/wp-content\/uploads\/2023\/12\/IndeHahnWeihnachten2023.jpg\" style=\"aspect-ratio:4\/3;\" srcset=\"https:\/\/indehahn.de\/wp-content\/uploads\/2023\/12\/IndeHahnWeihnachten2023.jpg 1280w, https:\/\/indehahn.de\/wp-content\/uploads\/2023\/12\/IndeHahnWeihnachten2023-300x213.jpg 300w, https:\/\/indehahn.de\/wp-content\/uploads\/2023\/12\/IndeHahnWeihnachten2023-1024x726.jpg 1024w, https:\/\/indehahn.de\/wp-content\/uploads\/2023\/12\/IndeHahnWeihnachten2023-200x142.jpg 200w\" alt=\"Weihnachtsgru\u00df\" class=\"wplp_thumb\" \/><\/span><\/a><\/div><\/div><div id=\"wplp_box_right_60_19238\" class=\"wpcu-front-box right wpcu-custom-position\" style=\"width: 70%\"><div class=\"wplp-box-item\"><a href=\"https:\/\/indehahn.de\/?p=19238\"  class=\"title\">Weihnachtsgru\u00df<\/a><a href=\"https:\/\/indehahn.de\/?p=19238\"  class=\"date\">24. Dezember 2025<\/a><a href=\"https:\/\/indehahn.de\/?p=19238\"  class=\"text\"><span style=\"max-height:2.8em\" class=\"line_limit\">Zum Ende eines ereignisreichen Jahres m\u00f6chten wir wie so oft (aber man kann es einfach nicht oft genug tun) das enorme Engagement unserer Trainer, Betreuer, Helfer und Organisatoren loben, die in ihrer Freizeit einen herausragenden Job beim FC Inde Hahn machen. Bei euch allen m\u00f6chten wir uns ganz herzlich f\u00fcr die geleistete Arbeit bedanken, denn ihr seid es, die die Inde-Familie zusammenhalten und zu etwas ganz Besonderem machen. Auch unseren Freunden und F\u00f6rderern, die uns in diesem Jahr unterst\u00fctzt und uns die Treue gehalten haben, m\u00f6chten wir an dieser Stelle sehr herzlich Danke sagen.\nWir w\u00fcnschen allen Mitgliedern und Freunden des FC Inde Hahn ein friedliches und erholsames Weihnachtsfest und einen guten Start ins neue Jahr.<\/span><span style=\"margin-left:3px; max-height:2.8em\" class=\"line_limit\"> [...]<\/span><\/a><span class=\"custom_fields\">\n<!-- WPLP Unknown field: Custom_Fields -->\n<\/span><\/div><\/div><div id=\"wplp_box_bottom_60_19238\" class=\"wpcu-front-box bottom \" ><div class=\"wplp-box-item\"><\/div><\/div><\/div><\/div><div class=\"swiper-slide\" style=\"\"><div class=\"insideframe\"><div id=\"wplp_box_top_60_19205\" class=\"wpcu-front-box top equalHeightImg\" ><div class=\"wplp-box-item\"><\/div><\/div><div id=\"wplp_box_left_60_19205\" class=\"wpcu-front-box left wpcu-custom-position\" style=\"width: 30%\"><div class=\"wplp-box-item\"><a href=\"https:\/\/indehahn.de\/?p=19205\"  class=\"thumbnail\"><span class=\"img_cropper\" style=\"margin-right:20px;margin-bottom:20px;max-width:100%;\"><img decoding=\"async\" src=\"https:\/\/indehahn.de\/wp-content\/uploads\/2025\/12\/Winterlauf2025.jpg\" style=\"aspect-ratio:4\/3;\" srcset=\"https:\/\/indehahn.de\/wp-content\/uploads\/2025\/12\/Winterlauf2025.jpg 1280w, https:\/\/indehahn.de\/wp-content\/uploads\/2025\/12\/Winterlauf2025-300x225.jpg 300w, https:\/\/indehahn.de\/wp-content\/uploads\/2025\/12\/Winterlauf2025-1024x768.jpg 1024w, https:\/\/indehahn.de\/wp-content\/uploads\/2025\/12\/Winterlauf2025-200x150.jpg 200w\" alt=\"Es l\u00e4uft beim Hahner Lauftreff\" class=\"wplp_thumb\" \/><\/span><\/a><\/div><\/div><div id=\"wplp_box_right_60_19205\" class=\"wpcu-front-box right wpcu-custom-position\" style=\"width: 70%\"><div class=\"wplp-box-item\"><a href=\"https:\/\/indehahn.de\/?p=19205\"  class=\"title\">Es l\u00e4uft beim Hahner Lauftreff<\/a><a href=\"https:\/\/indehahn.de\/?p=19205\"  class=\"date\">17. Dezember 2025<\/a><a href=\"https:\/\/indehahn.de\/?p=19205\"  class=\"text\"><span style=\"max-height:2.8em\" class=\"line_limit\">Auch die l\u00e4ngste Laufsaison geht einmal zu Ende und so kurz vor dem Jahreswechsel kann man schon ein kleines Fazit f\u00fcr unsere Laufabteilung ziehen. Das f\u00e4llt diesmal besonders positiv aus, denn nach jahrelanger Stagnation ist die Gruppe in den letzten 1-2 Jahren ordentlich gewachsen und das nicht nur die Anzahl der Team-Mitglieder betreffend, sondern auch qualitativ. Was aber eigentlich das Wichtigste ist: es passt auch menschlich bei allen Neuzug\u00e4ngen, die eine Menge frischen Wind in unser Lauftreff-Team gebracht haben.\nHinter den Hahner L\u00e4uferinnen und L\u00e4ufern liegt eine lange Saison, die vor allem durch die zahlreichen L\u00e4ufe im Regio Aachen Laufcup gepr\u00e4gt war. Insgesamt haben bisher in diesem Jahr 27 Cupl\u00e4ufe stattgefunden &#8211; mit dem Aachener Silvesterlauf steht noch ein letzter aus &#8211; und unser flei\u00dfigster Renner, Ralf Kniebeler, hat an sage und schreibe 25 davon teilgenommen. Auch Dieter Lohr, Claus Uellendall, Udo Gier sowie Gabi und Gert Bongard werden am Ende 20 oder mehr L\u00e4ufe auf ihren Laufkonten haben &#8211; das ist schon echt bemerkenswert. Da wundert es nat\u00fcrlich kaum, dass der Lauftreff Inde Hahn in der Teamwertung des Cups mit deutlichem Vorsprung in F\u00fchrung liegt und den Titel aus dem vergangenen Jahr ziemlich sicher verteidigen wird. Mit 316 Team-Punkten haben die Hahner die Verfolger vom D\u00fcrener TV (212 Punkte) und der LG Aachen (175 Punkte) deutlich auf Distanz gehalten, so dass da wohl nichts mehr anbrennen sollte. Auch in den Altersklassenwertungen d\u00fcrfen wir uns \u00fcber sehr gute Platzierungen freuen: mit Liselotte B\u00e4hr (Platz 1 in der Altersklasse W30), Sandy Laplume (Platz 3 \/ W45), Bianka Uellendall (Platz 2 \/ W50), Eva Scheffler (Platz 3 \/ W50), Claus Uellendall (Platz 3 \/ M60) und Dieter Lohr (Platz 2 oder 3 \/ M70) sind uns weitere sechs Podestpl\u00e4tze sicher, so dass es bei der Siegerehrung am 17. Januar in Konzen viel Jubel aus der Hahner Ecke geben d\u00fcrfte.\nSelbstverst\u00e4ndlich geh\u00f6rt auch unser Hahner Kitzenhauslauf zu den Wertungsl\u00e4ufen des Regio Aachen Laufcups &#8211; er wird im kommenden Jahr am 14. Juni zum insgesamt 22. Mal stattfinden. Diesen Termin d\u00fcrft ihr alle gerne schon mal notieren! Nach dem vor allem organisatorisch perfekt verlaufenen Kitzenhauslauf 2025 wird es f\u00fcr die n\u00e4chste Ausgabe ein paar kleine \u00dcberraschungen geben, die wir nat\u00fcrlich in den n\u00e4chsten Wochen hier auf unserer Webseite pr\u00e4sentieren werden.\nAll die Punktewertungen und Erfolge geh\u00f6ren nat\u00fcrlich dazu und sorgen f\u00fcr die n\u00f6tige Motivation, aber Freundschaft und Geselligkeit stehen bei unseren Langl\u00e4ufern klar im Vordergrund. Es gibt wohl nur wenige Team-Chats auf WhatsApp, in denen so viel los ist wie in dem unserer Laufabteilung. Egal, ob jemand Geburtstag hat, man einen Laufpartner sucht oder manchmal nur ein bisschen schw\u00e4tzen m\u00f6chte &#8211; im Lauftreff-Chat namens &#8222;Qu\u00e4l dich, du Sau!&#8220; ist eigentlich immer was los. Dar\u00fcber hinaus trifft man sich bspw. zum gemeinsamen Waffelessen oder am heutigen Abend im Hahner Dorfst\u00fcbchen oder zum Auftakt eines jeden neuen Jahres zum Pizza\/Pasta-Essen im Vereinsheim &#8211; man feiert halt gerne miteinander, motiviert sich gegenseitig und h\u00e4lt sich zusammen fit. Und wenn man dann wie im Mai 2026 ein ganzes sportliches Wochenende miteinander verbringen kann, dann ist die Resonanz gro\u00df: beim Rhein-Ruhr-Marathon in Duisburg werden mindestens 15 Hahner den Halbmarathon (21,1 km) laufen und eine Viererstaffel wird obendrein auch am Start sein. &#8222;Laufen mit Freunden&#8220; lautet das Motto der Gruppe und genau das macht es letzten Endes auch aus. Wer sich uns gerne anschlie\u00dfen m\u00f6chte, der kann das jederzeit tun &#8211; eine Mail an lauftreff@indehahn.de reicht als Ank\u00fcndigung &#8230; oder einfach mal bei einem unserer Lauftreff-Termine am Mittwoch bzw. Samstag vorbeischauen!\nZum Schluss noch ein paar aktuelle Termine: am vergangenen Sonntag haben 10 unserer L\u00e4uferinnen und L\u00e4ufer am traditionsreichen ATG-Winterlauf teilgenommen. Bei herrlichem Wetter sind alle erfreulich gut durchgekommen und haben sich zwischen Claus Uellendall (1:17) und Uschi B\u00e4hr (2:11) irgendwo in das Feld der mehr als 2000 Starter eingeordnet. Dass das Ganze wie immer viel Spa\u00df gemacht hat, sieht man sicher auf den gleich folgenden Bildern. \u00dcber die Festtage soll es nun ein wenig entspannter zugehen, doch so ganz ohne Laufen geht es nat\u00fcrlich auch nicht. Am 2. Weihnachtstag trifft sich unser Laufteam zum 12,5-km-Weihnachtsspeckweglauf im Hohen Venn und dann steht ja am Silvestertag noch der letzte Cuplauf des Jahres rund um Dom und Markt in Aachen auf dem Programm.\nDas Hahner Laufteam w\u00fcnscht allen Vereinsmitgliedern und Freunden ein wundersch\u00f6nes Weihnachtsfest und einen guten Rutsch (oder Lauf) ins neue Jahr. Hoffentlich lassen sich 2026 noch ganz viele von der Lauffreude unserer Hahner L\u00e4uferinnen und L\u00e4ufer anstecken &#8211; naaa, wie w\u00e4r&#8217;s mit einem entsprechenden guten Vorsatz zum Jahreswechsel?   \ud83d\ude09<\/span><span style=\"margin-left:3px; max-height:2.8em\" class=\"line_limit\"> [...]<\/span><\/a><span class=\"custom_fields\">\n<!-- WPLP Unknown field: Custom_Fields -->\n<\/span><\/div><\/div><div id=\"wplp_box_bottom_60_19205\" class=\"wpcu-front-box bottom \" ><div class=\"wplp-box-item\"><\/div><\/div><\/div><\/div><div class=\"swiper-slide\" style=\"\"><div class=\"insideframe\"><div id=\"wplp_box_top_60_19165\" class=\"wpcu-front-box top equalHeightImg\" ><div class=\"wplp-box-item\"><\/div><\/div><div id=\"wplp_box_left_60_19165\" class=\"wpcu-front-box left wpcu-custom-position\" style=\"width: 30%\"><div class=\"wplp-box-item\"><a href=\"https:\/\/indehahn.de\/?p=19165\"  class=\"thumbnail\"><span class=\"img_cropper\" style=\"margin-right:20px;margin-bottom:20px;max-width:100%;\"><img decoding=\"async\" src=\"https:\/\/indehahn.de\/wp-content\/uploads\/2025\/11\/Gluehweintreff2025.jpg\" style=\"aspect-ratio:4\/3;\" srcset=\"https:\/\/indehahn.de\/wp-content\/uploads\/2025\/11\/Gluehweintreff2025.jpg 566w, https:\/\/indehahn.de\/wp-content\/uploads\/2025\/11\/Gluehweintreff2025-212x300.jpg 212w, https:\/\/indehahn.de\/wp-content\/uploads\/2025\/11\/Gluehweintreff2025-106x150.jpg 106w\" alt=\"Gl\u00fchweintreff f\u00fcr alle Vereinsmitglieder\" class=\"wplp_thumb\" \/><\/span><\/a><\/div><\/div><div id=\"wplp_box_right_60_19165\" class=\"wpcu-front-box right wpcu-custom-position\" style=\"width: 70%\"><div class=\"wplp-box-item\"><a href=\"https:\/\/indehahn.de\/?p=19165\"  class=\"title\">Gl\u00fchweintreff f\u00fcr alle Vereinsmitglieder<\/a><a href=\"https:\/\/indehahn.de\/?p=19165\"  class=\"date\">4. November 2025<\/a><a href=\"https:\/\/indehahn.de\/?p=19165\"  class=\"text\"><span style=\"max-height:2.8em\" class=\"line_limit\">Liebe Mitglieder des FC Inde Hahn,\ndas Jahr neigt sich allm\u00e4hlich dem Ende zu und wir m\u00f6chten euch daher herzlich einladen, den Jahresausklang mit dem Verein in einer gem\u00fctlichen Atmosph\u00e4re am Sportplatz einzul\u00e4uten.\nF\u00fcr das leibliche Wohl wird gesorgt sein.\nWir w\u00fcrden uns freuen, viele von euch am 29. November 2025 ab 16:00 Uhr auf unserer Sportanlage\u00a0begr\u00fc\u00dfen zu d\u00fcrfen.<\/span><span style=\"margin-left:3px; max-height:2.8em\" class=\"line_limit\"> [...]<\/span><\/a><span class=\"custom_fields\">\n<!-- WPLP Unknown field: Custom_Fields -->\n<\/span><\/div><\/div><div id=\"wplp_box_bottom_60_19165\" class=\"wpcu-front-box bottom \" ><div class=\"wplp-box-item\"><\/div><\/div><\/div><\/div><div class=\"swiper-slide\" style=\"\"><div class=\"insideframe\"><div id=\"wplp_box_top_60_19159\" class=\"wpcu-front-box top equalHeightImg\" ><div class=\"wplp-box-item\"><\/div><\/div><div id=\"wplp_box_left_60_19159\" class=\"wpcu-front-box left wpcu-custom-position\" style=\"width: 30%\"><div class=\"wplp-box-item\"><a href=\"https:\/\/indehahn.de\/?p=19159\"  class=\"thumbnail\"><span class=\"img_cropper\" style=\"margin-right:20px;margin-bottom:20px;max-width:100%;\"><img decoding=\"async\" src=\"https:\/\/indehahn.de\/wp-content\/uploads\/2025\/10\/ZweiteSaison2025-2026.jpg\" style=\"aspect-ratio:4\/3;\" srcset=\"https:\/\/indehahn.de\/wp-content\/uploads\/2025\/10\/ZweiteSaison2025-2026.jpg 1280w, https:\/\/indehahn.de\/wp-content\/uploads\/2025\/10\/ZweiteSaison2025-2026-300x200.jpg 300w, https:\/\/indehahn.de\/wp-content\/uploads\/2025\/10\/ZweiteSaison2025-2026-1024x682.jpg 1024w, https:\/\/indehahn.de\/wp-content\/uploads\/2025\/10\/ZweiteSaison2025-2026-200x133.jpg 200w\" alt=\"Zweite kommt bei Raspo Brand unter die R\u00e4der\" class=\"wplp_thumb\" \/><\/span><\/a><\/div><\/div><div id=\"wplp_box_right_60_19159\" class=\"wpcu-front-box right wpcu-custom-position\" style=\"width: 70%\"><div class=\"wplp-box-item\"><a href=\"https:\/\/indehahn.de\/?p=19159\"  class=\"title\">Zweite kommt bei Raspo Brand unter die R\u00e4der<\/a><a href=\"https:\/\/indehahn.de\/?p=19159\"  class=\"date\">27. Oktober 2025<\/a><a href=\"https:\/\/indehahn.de\/?p=19159\"  class=\"text\"><span style=\"max-height:2.8em\" class=\"line_limit\">Unsere 2. Mannschaft hatte am vergangenen Sonntag ein besonders schweres Spiel vor der Brust, denn man musste ausw\u00e4rts bei Raspo Brand II antreten. Die Gastgeber sind in dieser Saison bisher ungeschlagen und stellen mit mittlerweile 40 Treffern aus 8 Partien den mit gro\u00dfem Abstand torgef\u00e4hrlichsten Angriff der Kreisliga B2.\nZwar hatten die Hahner die erste gute Torchance bereits nach 3 gespielten Minuten, doch Raspo war von Anfang bis Ende die spielbestimmende Mannschaft. Aus insgesamt acht Torchancen machten die Brander sechs teils sehr sch\u00f6n herausgespielte Treffer, was ihre Effizienz deutlich unterstreicht. Erst nach dem 2:0 kam unser Team Mitte der ersten Spielh\u00e4lfte etwas besser ins Spiel und h\u00e4tte in dieser Phase den Anschlusstreffer machen m\u00fcssen, doch das 3:0 machte kurz vor dem Pausenpfiff allen klar, dass es an diesem Tag nur einen Sieger geben konnte und der kam nun mal nicht aus Hahn. Auch in der zweiten H\u00e4lfte musste unsere Mannschaft drei Gegentreffer einstecken &#8211; darunter ein mehr als ungl\u00fcckliches Eigentor, so dass am Ende eine deutliche 0:6-Niederlage stand.\nTrainer Daniel Lyssy zeigte sich nach dem Spiel nicht allzu entt\u00e4uscht: &#8222;Raspo war die st\u00e4rkste Mannschaft, gegen die wir bisher gespielt haben. Man merkt in solchen Spielen, dass wir mit den absoluten Topteams noch nicht ganz mithalten k\u00f6nnen &#8211; gegen viele andere Gegner aber schon und das gibt uns Mut f\u00fcr die kommenden Wochen.&#8220;\nAuch das n\u00e4chste Heimspiel gegen Eintracht Kornelim\u00fcnster wird sicherlich nicht einfach werden. Die G\u00e4ste sind mit ihrem Saisonstart bisher nicht zufrieden &#8211; umso mehr werden sie bestrebt sein, am kommenden Sonntag Wiedergutmachung zu betreiben. Das Nachbarschaftsduell wird am Sonntag im Rahmen des Hahner Heimspieltags um 13 Uhr am Hahner Kitzenhausweg angepfiffen.<\/span><span style=\"margin-left:3px; max-height:2.8em\" class=\"line_limit\"> [...]<\/span><\/a><span class=\"custom_fields\">\n<!-- WPLP Unknown field: Custom_Fields -->\n<\/span><\/div><\/div><div id=\"wplp_box_bottom_60_19159\" class=\"wpcu-front-box bottom \" ><div class=\"wplp-box-item\"><\/div><\/div><\/div><\/div><div class=\"swiper-slide\" style=\"\"><div class=\"insideframe\"><div id=\"wplp_box_top_60_19149\" class=\"wpcu-front-box top equalHeightImg\" ><div class=\"wplp-box-item\"><\/div><\/div><div id=\"wplp_box_left_60_19149\" class=\"wpcu-front-box left wpcu-custom-position\" style=\"width: 30%\"><div class=\"wplp-box-item\"><a href=\"https:\/\/indehahn.de\/?p=19149\"  class=\"thumbnail\"><span class=\"img_cropper\" style=\"margin-right:20px;margin-bottom:20px;max-width:100%;\"><img decoding=\"async\" src=\"https:\/\/indehahn.de\/wp-content\/uploads\/2025\/10\/ZweiteSaison2025-2026.jpg\" style=\"aspect-ratio:4\/3;\" srcset=\"https:\/\/indehahn.de\/wp-content\/uploads\/2025\/10\/ZweiteSaison2025-2026.jpg 1280w, https:\/\/indehahn.de\/wp-content\/uploads\/2025\/10\/ZweiteSaison2025-2026-300x200.jpg 300w, https:\/\/indehahn.de\/wp-content\/uploads\/2025\/10\/ZweiteSaison2025-2026-1024x682.jpg 1024w, https:\/\/indehahn.de\/wp-content\/uploads\/2025\/10\/ZweiteSaison2025-2026-200x133.jpg 200w\" alt=\"Erste Heimniederlage der Zweiten\" class=\"wplp_thumb\" \/><\/span><\/a><\/div><\/div><div id=\"wplp_box_right_60_19149\" class=\"wpcu-front-box right wpcu-custom-position\" style=\"width: 70%\"><div class=\"wplp-box-item\"><a href=\"https:\/\/indehahn.de\/?p=19149\"  class=\"title\">Erste Heimniederlage der Zweiten<\/a><a href=\"https:\/\/indehahn.de\/?p=19149\"  class=\"date\">22. Oktober 2025<\/a><a href=\"https:\/\/indehahn.de\/?p=19149\"  class=\"text\"><span style=\"max-height:2.8em\" class=\"line_limit\">Unsere 2. Mannschaft hatte am vergangenen Sonntag die Erste der SG Monschauer Land zu Gast am Hahner Kitzenhausweg. Nach zuletzt vier Siegen unseres Teams in Folge kam mit den noch ungeschlagenen Monschauern ein Spitzenteam nach Hahn und da wollten unsere Jungs beweisen, dass sie es auch mit solchen Gegnern aufnehmen k\u00f6nnen. Das klappte &#8211; man darf es vorwegnehmen &#8211; leider nicht wirklich gut.\nSchon nach weniger als einer halben Stunde lag Hahn mit 0:2 im Hintertreffen &#8211; das 0:1 fiel in der 25. Minute nach einem Fehler im Aufbauspiel und nur zwei Minuten sp\u00e4ter f\u00fchrte ein individueller Fehler zum zweiten Gegentreffer. Mit diesem Spielstand ging es auch in die Pause.\nNach dem Seitenwechsel keimte kurz Hoffnung auf, als Julian H\u00fctten nach einem Eckball den Anschlusstreffer erzielte, doch wenige Minuten sp\u00e4ter verwies der Unparteiische Volker Eickhoff des Feldes &#8211; eine harte, aber vertretbare Entscheidung. In Unterzahl wurde die Aufholjagd nat\u00fcrlich nicht einfacher und so schlug der Monschauer Top-Torj\u00e4ger Kevin David in der 70. Minute nach einem Durcheinander in der Hahner Abwehr zum ersten &#8211; und nicht letzten &#8211; Mal an diesem Tag zu. Schade, dass der zweite Hahner Treffer wegen Abseits keine Anerkennung fand, denn ansonsten w\u00e4re vielleicht noch etwas m\u00f6glich gewesen. Sp\u00e4testens nach dem zweiten Hahner Platzverweis gegen Lukas H\u00fclser (Gelb-rot wegen Ballwegschlagen) war die Partie aber endg\u00fcltig gelaufen &#8211; unser Team verlor nun komplett die Struktur und lie\u00df sich ein ums andere Mal ausspielen. In den letzten 10 Spielminuten polierte der Monschauer Kevin David seine Torbilanz (mittlerweile 13 Treffer in 6 Partien) mit drei weiteren Treffern auf, so dass am Ende eine satte 1:6-Niederlage unserer Mannschaft stand.\nTrainer Daniel Lyssy sprach anschlie\u00dfend von einer verdiente Niederlage gegen einen sehr guten und effizienten Gegner &#8211; wenn auch die Niederlage am Ende vielleicht ein wenig zu hoch ausgefallen ist. Am kommenden Sonntag steht die Ausw\u00e4rtspartie bei Raspo Brand II auf dem Spielplan &#8211; auch hier geht es gegen einen Top-Gegner, der ebenfalls noch ungeschlagen ist. Um dort etwas Z\u00e4hlbares zu holen bedarf es schon einer sehr konzentrierten und engagierten Leistung &#8211; wir dr\u00fccken unseren Jung wie immer die Daumen.<\/span><span style=\"margin-left:3px; max-height:2.8em\" class=\"line_limit\"> [...]<\/span><\/a><span class=\"custom_fields\">\n<!-- WPLP Unknown field: Custom_Fields -->\n<\/span><\/div><\/div><div id=\"wplp_box_bottom_60_19149\" class=\"wpcu-front-box bottom \" ><div class=\"wplp-box-item\"><\/div><\/div><\/div><\/div><div class=\"swiper-slide\" style=\"\"><div class=\"insideframe\"><div id=\"wplp_box_top_60_19144\" class=\"wpcu-front-box top equalHeightImg\" ><div class=\"wplp-box-item\"><\/div><\/div><div id=\"wplp_box_left_60_19144\" class=\"wpcu-front-box left wpcu-custom-position\" style=\"width: 30%\"><div class=\"wplp-box-item\"><a href=\"https:\/\/indehahn.de\/?p=19144\"  class=\"thumbnail\"><span class=\"img_cropper\" style=\"margin-right:20px;margin-bottom:20px;max-width:100%;\"><img decoding=\"async\" src=\"https:\/\/indehahn.de\/wp-content\/uploads\/2018\/10\/BallImNetz.jpg\" style=\"aspect-ratio:4\/3;\" srcset=\"https:\/\/indehahn.de\/wp-content\/uploads\/2018\/10\/BallImNetz.jpg 775w, https:\/\/indehahn.de\/wp-content\/uploads\/2018\/10\/BallImNetz-300x215.jpg 300w, https:\/\/indehahn.de\/wp-content\/uploads\/2018\/10\/BallImNetz-200x143.jpg 200w\" alt=\"Siegesserie der Zweiten geht weiter\" class=\"wplp_thumb\" \/><\/span><\/a><\/div><\/div><div id=\"wplp_box_right_60_19144\" class=\"wpcu-front-box right wpcu-custom-position\" style=\"width: 70%\"><div class=\"wplp-box-item\"><a href=\"https:\/\/indehahn.de\/?p=19144\"  class=\"title\">Siegesserie der Zweiten geht weiter<\/a><a href=\"https:\/\/indehahn.de\/?p=19144\"  class=\"date\">14. Oktober 2025<\/a><a href=\"https:\/\/indehahn.de\/?p=19144\"  class=\"text\"><span style=\"max-height:2.8em\" class=\"line_limit\">Am vergangenen Sonntag war unsere 2. Mannschaft bei Eintracht Verlautenheide III zu Gast. Vor der Partie lag unser Team drei Punkte vor den Gastgebern, die aber in der Vorwoche \u00fcberraschend ausw\u00e4rts die deutlich st\u00e4rker eingesch\u00e4tzte Erste aus Lichtenbusch schlagen konnten.\nDoch es waren die Hahner, die zu Beginn des Spiels das Heft in die Hand nahmen. Man setzte Verlautenheide unter Druck, gewann viele B\u00e4lle schon in der gegnerischen H\u00e4lfte und hatte bereits in den ersten 10 Minuten drei 100-prozentige Torchancen zu verzeichnen. Das 1:0 fiel dann auch nach 10 Minuten, als Lukas Gier eine tolle Vorlage von Louis Dolzmann zum verdienten F\u00fchrungstreffer nutzte. So ging es weiter und nur sieben Minuten sp\u00e4ter lief der Ball gut \u00fcber die Au\u00dfenposition, Lukas Somrak passte flach auf Christian Brockauf, der sich die Chance nicht entgehen lie\u00df und das 2:0 f\u00fcr Hahn erzielte. Bis zur 30. Spielminute war unser Team klar \u00fcberlegen, doch dann kam auch Verlautenheide besser ins Spiel.\nDieser Trend setzte sich nach der Pause leider fort, denn Hahn fand nach der starken ersten Spielh\u00e4lfte nicht mehr zu seinem Spiel zur\u00fcck. Die Partie pl\u00e4tscherte nun oft dahin und auch Verlautenheide kam zu Torchancen. Folgerichtig musste man in der 75. Minute den Anschlusstreffer durch von Scheven hinnehmen. Nur gut, dass fast im Gegenzug der einzige nennenswerte Hahner Torschuss in der zweiten H\u00e4lfte den Weg ins Tor fand: Julian H\u00fctten stellte mit einem sch\u00f6nen Schlenzer von der linken Strafraumecke den Zweitorevorsprung schnell wieder her und das sorgte auf der Hahner Trainerbank wenigstens f\u00fcr ein bisschen Entspannung. Zwar kam Verlautenheide durch einen Kopfball nach einem Ecksto\u00df noch einmal auf 2:3 heran, doch der Treffer fiel erst in der letzten Minute der Nachspielzeit, so dass unsere Jungs wenige Sekunden sp\u00e4ter den vierten Sieg in Folge bejubeln durften. Der Dreier war aufgrund der h\u00f6heren Chancenanzahl und der wirklich guten ersten Spielh\u00e4lfte auch verdient und festigt den vierten Tabellenplatz der Hahner Zweiten.\nIn den kommenden Wochen wird man nun allerdings durchweg starken Gegnern gegen\u00fcberstehen &#8211; am Sonntag kommt die bisher ungeschlagene SG Monschauer Land zum Verfolgerduell an den Kitzenhausweg und da wird sich zeigen, ob unsere Zweite auch schon mit den Top-Teams der Liga mithalten kann.<\/span><span style=\"margin-left:3px; max-height:2.8em\" class=\"line_limit\"> [...]<\/span><\/a><span class=\"custom_fields\">\n<!-- WPLP Unknown field: Custom_Fields -->\n<\/span><\/div><\/div><div id=\"wplp_box_bottom_60_19144\" class=\"wpcu-front-box bottom \" ><div class=\"wplp-box-item\"><\/div><\/div><\/div><\/div><\/div><div class=\"swiper-button-next\"><\/div><div class=\"swiper-button-prev\"><\/div><div class=\"swiper-pagination\"><\/div><\/div><\/div>\n<p><a href=\"https:\/\/indehahn.de\/?page_id=163\">WEITERE NACHRICHTEN IN UNSEREM NEWS-ARCHIV &#8230;<\/a><\/p>\n<hr style=\"border-bottom: none;\" \/>\n<div class=\"block-title\" style=\"margin-bottom: 0; margin-top: 10px; overflow: hidden;\">SPIELE &amp; ERGEBNISSE<\/div>\n<div style=\"float: left; width: 100%; background-color: #ededed; margin-bottom: 40px; overflow: hidden; padding-bottom: 10px;\">\n<div id=\"externfussball\" style=\"float: left; width: 100%; height: 325px;\"><iframe loading=\"lazy\" style=\"width: 100%; height: 325px;\" src=\"\/Skripte\/FussballDe\/aktuelleErgebnisseX.html\" width=\"300\" height=\"325\" frameborder=\"0\"><\/iframe><\/div>\n<\/div>\n<div class=\"shariff\" data-title=\"FC INDE HAHN\" data-info-url=\"http:\/\/ct.de\/-2467514\" data-backend-url=\"https:\/\/indehahn.de\/wp-content\/plugins\/shariff-sharing_UNUSED\/backend\/index.php\" data-temp=\"\/tmp\" data-ttl=\"60\" data-service=\"\" data-services='[\"facebook\",\"whatsapp\",\"mail\"]' data-image=\"\" data-url=\"https:\/\/indehahn.de\/\" data-lang=\"de\" data-theme=\"color\" data-orientation=\"horizontal\"><\/div>","protected":false},"excerpt":{"rendered":"<p>WEITERE NACHRICHTEN IN UNSEREM NEWS-ARCHIV &#8230; SPIELE &amp; ERGEBNISSE<\/p>\n","protected":false},"author":1,"featured_media":0,"parent":0,"menu_order":0,"comment_status":"open","ping_status":"open","template":"","meta":{"ngg_post_thumbnail":0,"footnotes":""},"class_list":["post-11","page","type-page","status-publish","hentry"],"_links":{"self":[{"href":"https:\/\/indehahn.de\/index.php?rest_route=\/wp\/v2\/pages\/11","targetHints":{"allow":["GET"]}}],"collection":[{"href":"https:\/\/indehahn.de\/index.php?rest_route=\/wp\/v2\/pages"}],"about":[{"href":"https:\/\/indehahn.de\/index.php?rest_route=\/wp\/v2\/types\/page"}],"author":[{"embeddable":true,"href":"https:\/\/indehahn.de\/index.php?rest_route=\/wp\/v2\/users\/1"}],"replies":[{"embeddable":true,"href":"https:\/\/indehahn.de\/index.php?rest_route=%2Fwp%2Fv2%2Fcomments&post=11"}],"version-history":[{"count":494,"href":"https:\/\/indehahn.de\/index.php?rest_route=\/wp\/v2\/pages\/11\/revisions"}],"predecessor-version":[{"id":19171,"href":"https:\/\/indehahn.de\/index.php?rest_route=\/wp\/v2\/pages\/11\/revisions\/19171"}],"wp:attachment":[{"href":"https:\/\/indehahn.de\/index.php?rest_route=%2Fwp%2Fv2%2Fmedia&parent=11"}],"curies":[{"name":"wp","href":"https:\/\/api.w.org\/{rel}","templated":true}]}}